{"id":10,"date":"2025-11-06T12:35:13","date_gmt":"2025-11-06T12:35:13","guid":{"rendered":"https:\/\/torrebreva.com\/?page_id=10"},"modified":"2025-11-07T09:47:05","modified_gmt":"2025-11-07T09:47:05","slug":"bienvenidos","status":"publish","type":"page","link":"https:\/\/torrebreva.com\/","title":{"rendered":"Bienvenidos"},"content":{"rendered":"<p>[et_pb_section fb_built=\u00bb1&#8243; _builder_version=\u00bb4.27.4&#8243; _module_preset=\u00bbdefault\u00bb custom_padding=\u00bb20px||24px|||\u00bb hover_enabled=\u00bb0&#8243; global_colors_info=\u00bb{}\u00bb disabled_on=\u00bbon|off|off\u00bb sticky_enabled=\u00bb0&#8243;][et_pb_row _builder_version=\u00bb4.27.4&#8243; _module_preset=\u00bbdefault\u00bb custom_padding=\u00bb||4px|||\u00bb global_colors_info=\u00bb{}\u00bb][et_pb_column type=\u00bb4_4&#8243; _builder_version=\u00bb4.27.4&#8243; _module_preset=\u00bbdefault\u00bb global_colors_info=\u00bb{}\u00bb][et_pb_image src=\u00bbhttps:\/\/torrebreva.com\/wp-content\/uploads\/2025\/11\/logo-torrebreva-2.png\u00bb title_text=\u00bblogo-torrebreva\u00bb _builder_version=\u00bb4.27.4&#8243; _module_preset=\u00bbdefault\u00bb width=\u00bb46%\u00bb module_alignment=\u00bbcenter\u00bb animation_style=\u00bbslide\u00bb animation_direction=\u00bbtop\u00bb global_colors_info=\u00bb{}\u00bb][\/et_pb_image][\/et_pb_column][\/et_pb_row][\/et_pb_section][et_pb_section fb_built=\u00bb1&#8243; _builder_version=\u00bb4.27.4&#8243; _module_preset=\u00bbdefault\u00bb custom_padding=\u00bb20px||24px|||\u00bb hover_enabled=\u00bb0&#8243; global_colors_info=\u00bb{}\u00bb disabled_on=\u00bboff|on|on\u00bb sticky_enabled=\u00bb0&#8243;][et_pb_row _builder_version=\u00bb4.27.4&#8243; _module_preset=\u00bbdefault\u00bb custom_padding=\u00bb||4px|||\u00bb global_colors_info=\u00bb{}\u00bb][et_pb_column type=\u00bb4_4&#8243; _builder_version=\u00bb4.27.4&#8243; _module_preset=\u00bbdefault\u00bb global_colors_info=\u00bb{}\u00bb][et_pb_image src=\u00bbhttps:\/\/torrebreva.com\/wp-content\/uploads\/2025\/11\/logo-torrebreva-2.png\u00bb title_text=\u00bblogo-torrebreva\u00bb _builder_version=\u00bb4.27.4&#8243; _module_preset=\u00bbdefault\u00bb width=\u00bb99%\u00bb module_alignment=\u00bbcenter\u00bb animation_style=\u00bbslide\u00bb animation_direction=\u00bbtop\u00bb hover_enabled=\u00bb0&#8243; global_colors_info=\u00bb{}\u00bb sticky_enabled=\u00bb0&#8243;][\/et_pb_image][\/et_pb_column][\/et_pb_row][\/et_pb_section][et_pb_section fb_built=\u00bb1&#8243; _builder_version=\u00bb4.27.4&#8243; _module_preset=\u00bbdefault\u00bb background_color=\u00bb#dddddd\u00bb custom_margin=\u00bb-10px|||||\u00bb custom_padding=\u00bb||19px|||\u00bb animation_style=\u00bbslide\u00bb animation_direction=\u00bbleft\u00bb hover_enabled=\u00bb0&#8243; global_colors_info=\u00bb{}\u00bb disabled_on=\u00bbon|off|off\u00bb sticky_enabled=\u00bb0&#8243;][et_pb_row _builder_version=\u00bb4.27.4&#8243; _module_preset=\u00bbdefault\u00bb width=\u00bb50%\u00bb custom_padding=\u00bb12px|||||\u00bb global_colors_info=\u00bb{}\u00bb][et_pb_column type=\u00bb4_4&#8243; _builder_version=\u00bb4.27.4&#8243; _module_preset=\u00bbdefault\u00bb global_colors_info=\u00bb{}\u00bb][et_pb_text _builder_version=\u00bb4.27.4&#8243; _module_preset=\u00bbdefault\u00bb text_font_size=\u00bb17px\u00bb global_colors_info=\u00bb{}\u00bb]<\/p>\n<p data-start=\"397\" data-end=\"597\" style=\"text-align: justify;\">El <strong data-start=\"444\" data-end=\"464\">Grupo Torrebreva<\/strong> re\u00fane un conjunto de proyectos \u00fanicos que comparten una misma filosof\u00eda: la pasi\u00f3n por la tierra, la historia y el legado andaluz.<\/p>\n<p data-start=\"599\" data-end=\"794\" style=\"text-align: justify;\">Desde el mundo vin\u00edcola hasta la producci\u00f3n hortofrut\u00edcola, pasando por la pasi\u00f3n por el golf hasta y la gesti\u00f3n de patrimonio. Cada una de nuestras marcas refleja el compromiso con la calidad, la autenticidad y el respeto por el entorno.<\/p>\n<p data-start=\"796\" data-end=\"830\" style=\"text-align: center;\"><strong><\/strong><\/p>\n<p>[\/et_pb_text][\/et_pb_column][\/et_pb_row][\/et_pb_section][et_pb_section fb_built=\u00bb1&#8243; _builder_version=\u00bb4.27.4&#8243; _module_preset=\u00bbdefault\u00bb background_color=\u00bb#dddddd\u00bb custom_margin=\u00bb-10px|||||\u00bb custom_padding=\u00bb||19px|||\u00bb animation_style=\u00bbslide\u00bb animation_direction=\u00bbleft\u00bb hover_enabled=\u00bb0&#8243; global_colors_info=\u00bb{}\u00bb disabled_on=\u00bboff|on|on\u00bb sticky_enabled=\u00bb0&#8243;][et_pb_row _builder_version=\u00bb4.27.4&#8243; _module_preset=\u00bbdefault\u00bb width=\u00bb67%\u00bb custom_padding=\u00bb12px|||||\u00bb hover_enabled=\u00bb0&#8243; global_colors_info=\u00bb{}\u00bb sticky_enabled=\u00bb0&#8243;][et_pb_column type=\u00bb4_4&#8243; _builder_version=\u00bb4.27.4&#8243; _module_preset=\u00bbdefault\u00bb global_colors_info=\u00bb{}\u00bb][et_pb_text _builder_version=\u00bb4.27.4&#8243; _module_preset=\u00bbdefault\u00bb text_font_size=\u00bb17px\u00bb global_colors_info=\u00bb{}\u00bb]<\/p>\n<p data-start=\"397\" data-end=\"597\" style=\"text-align: justify;\">El <strong data-start=\"444\" data-end=\"464\">Grupo Torrebreva<\/strong> re\u00fane un conjunto de proyectos \u00fanicos que comparten una misma filosof\u00eda: la pasi\u00f3n por la tierra, la historia y el legado andaluz.<\/p>\n<p data-start=\"599\" data-end=\"794\" style=\"text-align: justify;\">Desde el mundo vin\u00edcola hasta la producci\u00f3n hortofrut\u00edcola, pasando por la pasi\u00f3n por el golf hasta y la gesti\u00f3n de patrimonio. Cada una de nuestras marcas refleja el compromiso con la calidad, la autenticidad y el respeto por el entorno.<\/p>\n<p data-start=\"796\" data-end=\"830\" style=\"text-align: center;\"><strong><\/strong><\/p>\n<p>[\/et_pb_text][\/et_pb_column][\/et_pb_row][\/et_pb_section][et_pb_section fb_built=\u00bb1&#8243; _builder_version=\u00bb4.27.4&#8243; _module_preset=\u00bbdefault\u00bb custom_padding=\u00bb18px||6px|||\u00bb global_colors_info=\u00bb{}\u00bb][et_pb_row _builder_version=\u00bb4.27.4&#8243; _module_preset=\u00bbdefault\u00bb global_colors_info=\u00bb{}\u00bb][et_pb_column type=\u00bb4_4&#8243; _builder_version=\u00bb4.27.4&#8243; _module_preset=\u00bbdefault\u00bb global_colors_info=\u00bb{}\u00bb][et_pb_text _builder_version=\u00bb4.27.4&#8243; _module_preset=\u00bbdefault\u00bb text_font_size=\u00bb25px\u00bb global_colors_info=\u00bb{}\u00bb]<\/p>\n<p style=\"text-align: center;\"><strong>Marcas Grupo Torrebreva:<\/strong><\/p>\n<p>[\/et_pb_text][\/et_pb_column][\/et_pb_row][\/et_pb_section][et_pb_section fb_built=\u00bb1&#8243; _builder_version=\u00bb4.27.4&#8243; _module_preset=\u00bbdefault\u00bb custom_padding=\u00bb0px|||||\u00bb hover_enabled=\u00bb0&#8243; global_colors_info=\u00bb{}\u00bb disabled_on=\u00bbon|off|off\u00bb sticky_enabled=\u00bb0&#8243;][et_pb_row column_structure=\u00bb1_4,1_4,1_4,1_4&#8243; _builder_version=\u00bb4.27.4&#8243; _module_preset=\u00bbdefault\u00bb width=\u00bb100%\u00bb max_width=\u00bb1337px\u00bb custom_padding=\u00bb||21px|||\u00bb global_colors_info=\u00bb{}\u00bb][et_pb_column type=\u00bb1_4&#8243; _builder_version=\u00bb4.27.4&#8243; _module_preset=\u00bbdefault\u00bb global_colors_info=\u00bb{}\u00bb][et_pb_image src=\u00bbhttps:\/\/torrebreva.com\/wp-content\/uploads\/2025\/11\/Logo-Caballerizas-22-2.jpg\u00bb title_text=\u00bbLogo-Caballerizas-22-2&#8243; _builder_version=\u00bb4.27.4&#8243; _module_preset=\u00bbdefault\u00bb custom_margin=\u00bb||15px|||\u00bb animation_style=\u00bbslide\u00bb global_colors_info=\u00bb{}\u00bb][\/et_pb_image][et_pb_slider _builder_version=\u00bb4.27.4&#8243; _module_preset=\u00bbdefault\u00bb background_image=\u00bbhttps:\/\/torrebreva.com\/wp-content\/uploads\/2025\/11\/Caballerizas2.jpg\u00bb custom_margin=\u00bb||20px|||\u00bb global_colors_info=\u00bb{}\u00bb][et_pb_slide _builder_version=\u00bb4.27.4&#8243; _module_preset=\u00bbdefault\u00bb background_image=\u00bbhttps:\/\/torrebreva.com\/wp-content\/uploads\/2025\/11\/Caballerizas1.jpg\u00bb background_enable_image=\u00bbon\u00bb global_colors_info=\u00bb{}\u00bb sticky_transition=\u00bbon\u00bb][\/et_pb_slide][et_pb_slide _builder_version=\u00bb4.27.4&#8243; _module_preset=\u00bbdefault\u00bb global_colors_info=\u00bb{}\u00bb sticky_transition=\u00bbon\u00bb][\/et_pb_slide][\/et_pb_slider][et_pb_text _builder_version=\u00bb4.27.4&#8243; _module_preset=\u00bbdefault\u00bb custom_margin=\u00bb||13px|||\u00bb global_colors_info=\u00bb{}\u00bb]<\/p>\n<h4 class=\"et_pb_module_header et-fb-editable-element et-fb-editable-element__editing\" data-shortcode-id=\"1.0.0.0-1762427229947\" data-quickaccess-id=\"header\" contenteditable=\"true\" style=\"text-align: center;\"><strong>Caballerizas de Montpensier<\/strong><\/h4>\n<p>[\/et_pb_text][et_pb_text _builder_version=\u00bb4.27.4&#8243; _module_preset=\u00bbdefault\u00bb custom_margin=\u00bb||21px|1px|false|false\u00bb hover_enabled=\u00bb0&#8243; global_colors_info=\u00bb{}\u00bb sticky_enabled=\u00bb0&#8243;]<\/p>\n<p style=\"text-align: justify;\">Celebra tus eventos en un lugar con historia. Ubicadas en pleno coraz\u00f3n de Sanl\u00facar de Barrameda (C\u00e1diz), en la hist\u00f3rica Calle Ba\u00f1os, Las Caballerizas de Montpensier forman parte del emblem\u00e1tico conjunto del Palacio de Orleans\u2011Borb\u00f3n, erigido por encargo de los Duques de Montpensier entre mediados del siglo\u202fXIX y principios del siguiente.<\/p>\n<p>[\/et_pb_text][et_pb_button button_url=\u00bbhttps:\/\/caballerizasmontpensier.com\u00bb button_text=\u00bbVisitar\u00bb button_alignment=\u00bbcenter\u00bb _builder_version=\u00bb4.27.4&#8243; _module_preset=\u00bbdefault\u00bb custom_button=\u00bbon\u00bb button_text_size=\u00bb15px\u00bb button_text_color=\u00bb#FFFFFF\u00bb button_bg_color=\u00bb#000366&#8243; global_colors_info=\u00bb{}\u00bb custom_margin=\u00bb||35px|||\u00bb][\/et_pb_button][\/et_pb_column][et_pb_column type=\u00bb1_4&#8243; _builder_version=\u00bb4.27.4&#8243; _module_preset=\u00bbdefault\u00bb global_colors_info=\u00bb{}\u00bb][et_pb_image src=\u00bbhttps:\/\/torrebreva.com\/wp-content\/uploads\/2025\/11\/Logo-costabellena-golf.jpg\u00bb title_text=\u00bbLogo-costabellena-golf\u00bb _builder_version=\u00bb4.27.4&#8243; _module_preset=\u00bbdefault\u00bb custom_margin=\u00bb||15px|||\u00bb animation_style=\u00bbslide\u00bb global_colors_info=\u00bb{}\u00bb][\/et_pb_image][et_pb_slider _builder_version=\u00bb4.27.4&#8243; _module_preset=\u00bbdefault\u00bb background_image=\u00bbhttps:\/\/torrebreva.com\/wp-content\/uploads\/2025\/11\/Caballerizas2.jpg\u00bb custom_margin=\u00bb||20px|||\u00bb global_colors_info=\u00bb{}\u00bb][et_pb_slide _builder_version=\u00bb4.27.4&#8243; _module_preset=\u00bbdefault\u00bb background_image=\u00bbhttps:\/\/torrebreva.com\/wp-content\/uploads\/2025\/11\/golf1.jpg\u00bb background_enable_image=\u00bbon\u00bb global_colors_info=\u00bb{}\u00bb sticky_transition=\u00bbon\u00bb][\/et_pb_slide][et_pb_slide _builder_version=\u00bb4.27.4&#8243; _module_preset=\u00bbdefault\u00bb background_image=\u00bbhttps:\/\/torrebreva.com\/wp-content\/uploads\/2025\/11\/golf2.jpg\u00bb background_enable_image=\u00bbon\u00bb global_colors_info=\u00bb{}\u00bb sticky_transition=\u00bbon\u00bb][\/et_pb_slide][\/et_pb_slider][et_pb_text _builder_version=\u00bb4.27.4&#8243; _module_preset=\u00bbdefault\u00bb custom_margin=\u00bb||13px|||\u00bb global_colors_info=\u00bb{}\u00bb]<\/p>\n<h4 class=\"et_pb_module_header et-fb-editable-element et-fb-editable-element__editing\" data-shortcode-id=\"1.0.0.0-1762427229947\" data-quickaccess-id=\"header\" contenteditable=\"true\" style=\"text-align: center;\"><strong>Costa Ballena Golf<\/strong><\/h4>\n<p>[\/et_pb_text][et_pb_text _builder_version=\u00bb4.27.4&#8243; _module_preset=\u00bbdefault\u00bb custom_margin=\u00bb||21px|||\u00bb global_colors_info=\u00bb{}\u00bb]<\/p>\n<p style=\"text-align: justify;\"><span>Ubicado en la ciudad de Rota (C\u00e1diz), Costa Ballena Golf es uno de los m\u00e1s grandes de Europa. \u00a0Ha albergado toda clase de competiciones. Entre ellas, el Profesional European Qualifying School Second Stage, El Cuadrangular Internacional Costa Ballena, La Copa de S.M. El Rey y La Copa de S.M. La Reina. As\u00ed mismo es sede oficial de entrenamiento de diversas Federaciones Nacionales de Golf Europeas.<\/span><\/p>\n<p>[\/et_pb_text][et_pb_button button_url=\u00bbhttps:\/\/www.ballenagolf.com\/es\/inicio\/\u00bb url_new_window=\u00bbon\u00bb button_text=\u00bbVisitar\u00bb button_alignment=\u00bbcenter\u00bb _builder_version=\u00bb4.27.4&#8243; _module_preset=\u00bbdefault\u00bb custom_button=\u00bbon\u00bb button_text_size=\u00bb15px\u00bb button_text_color=\u00bb#FFFFFF\u00bb button_bg_color=\u00bb#0C71C3&#8243; global_colors_info=\u00bb{}\u00bb custom_margin=\u00bb||31px|||\u00bb][\/et_pb_button][\/et_pb_column][et_pb_column type=\u00bb1_4&#8243; _builder_version=\u00bb4.27.4&#8243; _module_preset=\u00bbdefault\u00bb global_colors_info=\u00bb{}\u00bb][et_pb_image src=\u00bbhttps:\/\/torrebreva.com\/wp-content\/uploads\/2025\/11\/Logo-orleans-borbon.jpg\u00bb title_text=\u00bbLogo-orleans-borbon\u00bb _builder_version=\u00bb4.27.4&#8243; _module_preset=\u00bbdefault\u00bb custom_margin=\u00bb||15px|||\u00bb animation_style=\u00bbslide\u00bb global_colors_info=\u00bb{}\u00bb][\/et_pb_image][et_pb_slider _builder_version=\u00bb4.27.4&#8243; _module_preset=\u00bbdefault\u00bb background_enable_image=\u00bboff\u00bb custom_margin=\u00bb||20px|||\u00bb global_colors_info=\u00bb{}\u00bb][et_pb_slide _builder_version=\u00bb4.27.4&#8243; _module_preset=\u00bbdefault\u00bb background_image=\u00bbhttps:\/\/torrebreva.com\/wp-content\/uploads\/2025\/11\/bodega2.jpg\u00bb background_enable_image=\u00bbon\u00bb global_colors_info=\u00bb{}\u00bb sticky_transition=\u00bbon\u00bb][\/et_pb_slide][et_pb_slide _builder_version=\u00bb4.27.4&#8243; _module_preset=\u00bbdefault\u00bb background_image=\u00bbhttps:\/\/torrebreva.com\/wp-content\/uploads\/2025\/11\/bodega1.jpg\u00bb background_enable_image=\u00bbon\u00bb global_colors_info=\u00bb{}\u00bb sticky_transition=\u00bbon\u00bb][\/et_pb_slide][\/et_pb_slider][et_pb_text _builder_version=\u00bb4.27.4&#8243; _module_preset=\u00bbdefault\u00bb custom_margin=\u00bb||13px|||\u00bb global_colors_info=\u00bb{}\u00bb]<\/p>\n<h4 class=\"et_pb_module_header et-fb-editable-element et-fb-editable-element__editing\" data-shortcode-id=\"1.0.0.0-1762427229947\" data-quickaccess-id=\"header\" contenteditable=\"true\" style=\"text-align: center;\"><strong>Bodega de Orleans Borb\u00f3n<\/strong><\/h4>\n<p>[\/et_pb_text][et_pb_text _builder_version=\u00bb4.27.4&#8243; _module_preset=\u00bbdefault\u00bb custom_margin=\u00bb||21px|||\u00bb global_colors_info=\u00bb{}\u00bb]<\/p>\n<p style=\"text-align: justify;\"><span>La Bodega de Los Infantes Orleans Borb\u00f3n es el proyecto familiar, vital y apasionante de La Familia Orleans Borb\u00f3n, apasionada por los vinos de calidad, creados con pasi\u00f3n, dedicaci\u00f3n y tradici\u00f3n. Ofrecemos visitas guiadas a la bodega, catas de vinos y aceites propios y despacho de vinos directos de botas y embotellados. En la Bodega de los Infantes Orleans Borb\u00f3n, no solo elaboramos vinos de alta calidad; creamos experiencias inolvidables. <\/span><\/p>\n<p>[\/et_pb_text][et_pb_button button_url=\u00bbhttps:\/\/bodegaorleansborbon.es\u00bb url_new_window=\u00bbon\u00bb button_text=\u00bbVisitar\u00bb button_alignment=\u00bbcenter\u00bb _builder_version=\u00bb4.27.4&#8243; _module_preset=\u00bbdefault\u00bb custom_button=\u00bbon\u00bb button_text_size=\u00bb15px\u00bb button_text_color=\u00bb#FFFFFF\u00bb button_bg_color=\u00bb#aa7a00&#8243; global_colors_info=\u00bb{}\u00bb custom_margin=\u00bb||35px|||\u00bb][\/et_pb_button][\/et_pb_column][et_pb_column type=\u00bb1_4&#8243; _builder_version=\u00bb4.27.4&#8243; _module_preset=\u00bbdefault\u00bb global_colors_info=\u00bb{}\u00bb][et_pb_image src=\u00bbhttps:\/\/torrebreva.com\/wp-content\/uploads\/2025\/11\/Logo-Torremesa.jpg\u00bb title_text=\u00bbLogo-Torremesa\u00bb _builder_version=\u00bb4.27.4&#8243; _module_preset=\u00bbdefault\u00bb custom_margin=\u00bb||15px|||\u00bb animation_style=\u00bbslide\u00bb global_colors_info=\u00bb{}\u00bb][\/et_pb_image][et_pb_slider _builder_version=\u00bb4.27.4&#8243; _module_preset=\u00bbdefault\u00bb background_enable_image=\u00bboff\u00bb custom_margin=\u00bb||20px|||\u00bb global_colors_info=\u00bb{}\u00bb][et_pb_slide _builder_version=\u00bb4.27.4&#8243; _module_preset=\u00bbdefault\u00bb background_image=\u00bbhttps:\/\/torrebreva.com\/wp-content\/uploads\/2025\/11\/torremesa.jpg\u00bb background_enable_image=\u00bbon\u00bb global_colors_info=\u00bb{}\u00bb sticky_transition=\u00bbon\u00bb][\/et_pb_slide][et_pb_slide _builder_version=\u00bb4.27.4&#8243; _module_preset=\u00bbdefault\u00bb background_image=\u00bbhttps:\/\/torrebreva.com\/wp-content\/uploads\/2025\/11\/uvas.jpg\u00bb background_enable_image=\u00bbon\u00bb global_colors_info=\u00bb{}\u00bb sticky_transition=\u00bbon\u00bb][\/et_pb_slide][\/et_pb_slider][et_pb_text _builder_version=\u00bb4.27.4&#8243; _module_preset=\u00bbdefault\u00bb custom_margin=\u00bb||13px|||\u00bb global_colors_info=\u00bb{}\u00bb]<\/p>\n<h4 class=\"et_pb_module_header et-fb-editable-element et-fb-editable-element__editing\" data-shortcode-id=\"1.0.0.0-1762427229947\" data-quickaccess-id=\"header\" contenteditable=\"true\" style=\"text-align: center;\"><strong>Torremesa<\/strong><\/h4>\n<p>[\/et_pb_text][et_pb_text _builder_version=\u00bb4.27.4&#8243; _module_preset=\u00bbdefault\u00bb custom_margin=\u00bb||21px|||\u00bb global_colors_info=\u00bb{}\u00bb]<\/p>\n<p style=\"text-align: justify;\"><span>Torremesa se dedica desde 1989 a la producci\u00f3n y comercializaci\u00f3n de uva de mesa de alta calidad. Hoy en d\u00eda, nuestra finca ofrece una amplia variedad que combina tradici\u00f3n y modernidad:<\/span><\/p>\n<p style=\"text-align: justify;\">Uvas, variedades de pimientos, distintos tipos de flores, aceite de oliva variedad Arvequina, calabazas, zanahorias&#8230; Y productos BIO como la remolacha y el boniato.<\/p>\n<p>[\/et_pb_text][et_pb_button button_url=\u00bbhttps:\/\/torremesa.com\u00bb url_new_window=\u00bbon\u00bb button_text=\u00bbVisitar\u00bb button_alignment=\u00bbcenter\u00bb _builder_version=\u00bb4.27.4&#8243; _module_preset=\u00bbdefault\u00bb custom_button=\u00bbon\u00bb button_text_size=\u00bb15px\u00bb button_text_color=\u00bb#FFFFFF\u00bb button_bg_color=\u00bb#4ca81a\u00bb global_colors_info=\u00bb{}\u00bb custom_margin=\u00bb||48px|||\u00bb][\/et_pb_button][\/et_pb_column][\/et_pb_row][\/et_pb_section][et_pb_section fb_built=\u00bb1&#8243; _builder_version=\u00bb4.27.4&#8243; _module_preset=\u00bbdefault\u00bb custom_padding=\u00bb0px|||||\u00bb hover_enabled=\u00bb0&#8243; global_colors_info=\u00bb{}\u00bb disabled_on=\u00bboff|on|on\u00bb sticky_enabled=\u00bb0&#8243;][et_pb_row column_structure=\u00bb1_4,1_4,1_4,1_4&#8243; _builder_version=\u00bb4.27.4&#8243; _module_preset=\u00bbdefault\u00bb width=\u00bb100%\u00bb max_width=\u00bb1337px\u00bb custom_padding=\u00bb||21px|||\u00bb global_colors_info=\u00bb{}\u00bb][et_pb_column type=\u00bb1_4&#8243; _builder_version=\u00bb4.27.4&#8243; _module_preset=\u00bbdefault\u00bb global_colors_info=\u00bb{}\u00bb][et_pb_image src=\u00bbhttps:\/\/torrebreva.com\/wp-content\/uploads\/2025\/11\/Logo-Caballerizas-22-2.jpg\u00bb title_text=\u00bbLogo-Caballerizas-22-2&#8243; _builder_version=\u00bb4.27.4&#8243; _module_preset=\u00bbdefault\u00bb custom_margin=\u00bb||15px|||\u00bb animation_style=\u00bbslide\u00bb global_colors_info=\u00bb{}\u00bb][\/et_pb_image][et_pb_slider _builder_version=\u00bb4.27.4&#8243; _module_preset=\u00bbdefault\u00bb background_image=\u00bbhttps:\/\/torrebreva.com\/wp-content\/uploads\/2025\/11\/Caballerizas2.jpg\u00bb custom_margin=\u00bb||20px|||\u00bb hover_enabled=\u00bb0&#8243; global_colors_info=\u00bb{}\u00bb sticky_enabled=\u00bb0&#8243; custom_padding=\u00bb||200px|||\u00bb][et_pb_slide _builder_version=\u00bb4.27.4&#8243; _module_preset=\u00bbdefault\u00bb background_image=\u00bbhttps:\/\/torrebreva.com\/wp-content\/uploads\/2025\/11\/Caballerizas1.jpg\u00bb background_enable_image=\u00bbon\u00bb hover_enabled=\u00bb0&#8243; global_colors_info=\u00bb{}\u00bb sticky_transition=\u00bbon\u00bb sticky_enabled=\u00bb0&#8243;][\/et_pb_slide][et_pb_slide _builder_version=\u00bb4.27.4&#8243; _module_preset=\u00bbdefault\u00bb global_colors_info=\u00bb{}\u00bb sticky_transition=\u00bbon\u00bb][\/et_pb_slide][\/et_pb_slider][et_pb_text _builder_version=\u00bb4.27.4&#8243; _module_preset=\u00bbdefault\u00bb custom_margin=\u00bb||13px|||\u00bb global_colors_info=\u00bb{}\u00bb]<\/p>\n<h4 class=\"et_pb_module_header et-fb-editable-element et-fb-editable-element__editing\" data-shortcode-id=\"1.0.0.0-1762427229947\" data-quickaccess-id=\"header\" contenteditable=\"true\" style=\"text-align: center;\"><strong>Caballerizas de Montpensier<\/strong><\/h4>\n<p>[\/et_pb_text][et_pb_text _builder_version=\u00bb4.27.4&#8243; _module_preset=\u00bbdefault\u00bb custom_margin=\u00bb|11px|21px|11px|false|false\u00bb hover_enabled=\u00bb0&#8243; global_colors_info=\u00bb{}\u00bb sticky_enabled=\u00bb0&#8243;]<\/p>\n<p style=\"text-align: justify;\">Celebra tus eventos en un lugar con historia. Ubicadas en pleno coraz\u00f3n de Sanl\u00facar de Barrameda (C\u00e1diz), en la hist\u00f3rica Calle Ba\u00f1os, Las Caballerizas de Montpensier forman parte del emblem\u00e1tico conjunto del Palacio de Orleans\u2011Borb\u00f3n, erigido por encargo de los Duques de Montpensier entre mediados del siglo\u202fXIX y principios del siguiente.<\/p>\n<p>[\/et_pb_text][et_pb_button button_url=\u00bbhttps:\/\/caballerizasmontpensier.com\u00bb button_text=\u00bbVisitar\u00bb button_alignment=\u00bbcenter\u00bb _builder_version=\u00bb4.27.4&#8243; _module_preset=\u00bbdefault\u00bb custom_button=\u00bbon\u00bb button_text_size=\u00bb15px\u00bb button_text_color=\u00bb#FFFFFF\u00bb button_bg_color=\u00bb#000366&#8243; global_colors_info=\u00bb{}\u00bb custom_margin=\u00bb||35px|||\u00bb][\/et_pb_button][\/et_pb_column][et_pb_column type=\u00bb1_4&#8243; _builder_version=\u00bb4.27.4&#8243; _module_preset=\u00bbdefault\u00bb global_colors_info=\u00bb{}\u00bb][et_pb_image src=\u00bbhttps:\/\/torrebreva.com\/wp-content\/uploads\/2025\/11\/Logo-costabellena-golf.jpg\u00bb title_text=\u00bbLogo-costabellena-golf\u00bb _builder_version=\u00bb4.27.4&#8243; _module_preset=\u00bbdefault\u00bb custom_margin=\u00bb||15px|||\u00bb animation_style=\u00bbslide\u00bb global_colors_info=\u00bb{}\u00bb][\/et_pb_image][et_pb_slider _builder_version=\u00bb4.27.4&#8243; _module_preset=\u00bbdefault\u00bb background_image=\u00bbhttps:\/\/torrebreva.com\/wp-content\/uploads\/2025\/11\/Caballerizas2.jpg\u00bb custom_margin=\u00bb||20px|||\u00bb global_colors_info=\u00bb{}\u00bb custom_padding=\u00bb||199px|||\u00bb][et_pb_slide _builder_version=\u00bb4.27.4&#8243; _module_preset=\u00bbdefault\u00bb background_image=\u00bbhttps:\/\/torrebreva.com\/wp-content\/uploads\/2025\/11\/golf1.jpg\u00bb background_enable_image=\u00bbon\u00bb global_colors_info=\u00bb{}\u00bb sticky_transition=\u00bbon\u00bb][\/et_pb_slide][et_pb_slide _builder_version=\u00bb4.27.4&#8243; _module_preset=\u00bbdefault\u00bb background_image=\u00bbhttps:\/\/torrebreva.com\/wp-content\/uploads\/2025\/11\/golf2.jpg\u00bb background_enable_image=\u00bbon\u00bb global_colors_info=\u00bb{}\u00bb sticky_transition=\u00bbon\u00bb][\/et_pb_slide][\/et_pb_slider][et_pb_text _builder_version=\u00bb4.27.4&#8243; _module_preset=\u00bbdefault\u00bb custom_margin=\u00bb||13px|||\u00bb global_colors_info=\u00bb{}\u00bb]<\/p>\n<h4 class=\"et_pb_module_header et-fb-editable-element et-fb-editable-element__editing\" data-shortcode-id=\"1.0.0.0-1762427229947\" data-quickaccess-id=\"header\" contenteditable=\"true\" style=\"text-align: center;\"><strong>Costa Ballena Golf<\/strong><\/h4>\n<p>[\/et_pb_text][et_pb_text _builder_version=\u00bb4.27.4&#8243; _module_preset=\u00bbdefault\u00bb custom_margin=\u00bb|11px|21px|11px|false|false\u00bb hover_enabled=\u00bb0&#8243; global_colors_info=\u00bb{}\u00bb sticky_enabled=\u00bb0&#8243;]<\/p>\n<p style=\"text-align: justify;\"><span>Ubicado en la ciudad de Rota (C\u00e1diz), Costa Ballena Golf es uno de los m\u00e1s grandes de Europa. \u00a0Ha albergado toda clase de competiciones. Entre ellas, el Profesional European Qualifying School Second Stage, El Cuadrangular Internacional Costa Ballena, La Copa de S.M. El Rey y La Copa de S.M. La Reina. As\u00ed mismo es sede oficial de entrenamiento de diversas Federaciones Nacionales de Golf Europeas.<\/span><\/p>\n<p>[\/et_pb_text][et_pb_button button_url=\u00bbhttps:\/\/www.ballenagolf.com\/es\/inicio\/\u00bb url_new_window=\u00bbon\u00bb button_text=\u00bbVisitar\u00bb button_alignment=\u00bbcenter\u00bb _builder_version=\u00bb4.27.4&#8243; _module_preset=\u00bbdefault\u00bb custom_button=\u00bbon\u00bb button_text_size=\u00bb15px\u00bb button_text_color=\u00bb#FFFFFF\u00bb button_bg_color=\u00bb#0C71C3&#8243; global_colors_info=\u00bb{}\u00bb custom_margin=\u00bb||31px|||\u00bb][\/et_pb_button][\/et_pb_column][et_pb_column type=\u00bb1_4&#8243; _builder_version=\u00bb4.27.4&#8243; _module_preset=\u00bbdefault\u00bb global_colors_info=\u00bb{}\u00bb][et_pb_image src=\u00bbhttps:\/\/torrebreva.com\/wp-content\/uploads\/2025\/11\/Logo-orleans-borbon.jpg\u00bb title_text=\u00bbLogo-orleans-borbon\u00bb _builder_version=\u00bb4.27.4&#8243; _module_preset=\u00bbdefault\u00bb custom_margin=\u00bb||15px|||\u00bb animation_style=\u00bbslide\u00bb global_colors_info=\u00bb{}\u00bb][\/et_pb_image][et_pb_slider _builder_version=\u00bb4.27.4&#8243; _module_preset=\u00bbdefault\u00bb background_enable_image=\u00bboff\u00bb custom_margin=\u00bb||20px|||\u00bb global_colors_info=\u00bb{}\u00bb min_height=\u00bb221px\u00bb custom_padding=\u00bb||197px|||\u00bb][et_pb_slide _builder_version=\u00bb4.27.4&#8243; _module_preset=\u00bbdefault\u00bb background_image=\u00bbhttps:\/\/torrebreva.com\/wp-content\/uploads\/2025\/11\/bodega2.jpg\u00bb background_enable_image=\u00bbon\u00bb global_colors_info=\u00bb{}\u00bb sticky_transition=\u00bbon\u00bb][\/et_pb_slide][et_pb_slide _builder_version=\u00bb4.27.4&#8243; _module_preset=\u00bbdefault\u00bb background_image=\u00bbhttps:\/\/torrebreva.com\/wp-content\/uploads\/2025\/11\/bodega1.jpg\u00bb background_enable_image=\u00bbon\u00bb global_colors_info=\u00bb{}\u00bb sticky_transition=\u00bbon\u00bb][\/et_pb_slide][\/et_pb_slider][et_pb_text _builder_version=\u00bb4.27.4&#8243; _module_preset=\u00bbdefault\u00bb custom_margin=\u00bb8px||13px|||\u00bb global_colors_info=\u00bb{}\u00bb]<\/p>\n<h4 class=\"et_pb_module_header et-fb-editable-element et-fb-editable-element__editing\" data-shortcode-id=\"1.0.0.0-1762427229947\" data-quickaccess-id=\"header\" contenteditable=\"true\" style=\"text-align: center;\"><strong>Bodega de Orleans Borb\u00f3n<\/strong><\/h4>\n<p>[\/et_pb_text][et_pb_text _builder_version=\u00bb4.27.4&#8243; _module_preset=\u00bbdefault\u00bb custom_margin=\u00bb|11px|21px|11px|false|false\u00bb hover_enabled=\u00bb0&#8243; global_colors_info=\u00bb{}\u00bb sticky_enabled=\u00bb0&#8243;]<\/p>\n<p style=\"text-align: justify;\"><span>La Bodega de Los Infantes Orleans Borb\u00f3n es el proyecto familiar, vital y apasionante de La Familia Orleans Borb\u00f3n, apasionada por los vinos de calidad, creados con pasi\u00f3n, dedicaci\u00f3n y tradici\u00f3n. Ofrecemos visitas guiadas a la bodega, catas de vinos y aceites propios y despacho de vinos directos de botas y embotellados. En la Bodega de los Infantes Orleans Borb\u00f3n, no solo elaboramos vinos de alta calidad; creamos experiencias inolvidables. <\/span><\/p>\n<p>[\/et_pb_text][et_pb_button button_url=\u00bbhttps:\/\/bodegaorleansborbon.es\u00bb url_new_window=\u00bbon\u00bb button_text=\u00bbVisitar\u00bb button_alignment=\u00bbcenter\u00bb _builder_version=\u00bb4.27.4&#8243; _module_preset=\u00bbdefault\u00bb custom_button=\u00bbon\u00bb button_text_size=\u00bb15px\u00bb button_text_color=\u00bb#FFFFFF\u00bb button_bg_color=\u00bb#aa7a00&#8243; global_colors_info=\u00bb{}\u00bb custom_margin=\u00bb||35px|||\u00bb][\/et_pb_button][\/et_pb_column][et_pb_column type=\u00bb1_4&#8243; _builder_version=\u00bb4.27.4&#8243; _module_preset=\u00bbdefault\u00bb global_colors_info=\u00bb{}\u00bb][et_pb_image src=\u00bbhttps:\/\/torrebreva.com\/wp-content\/uploads\/2025\/11\/Logo-Torremesa.jpg\u00bb title_text=\u00bbLogo-Torremesa\u00bb _builder_version=\u00bb4.27.4&#8243; _module_preset=\u00bbdefault\u00bb custom_margin=\u00bb||15px|||\u00bb animation_style=\u00bbslide\u00bb global_colors_info=\u00bb{}\u00bb][\/et_pb_image][et_pb_slider _builder_version=\u00bb4.27.4&#8243; _module_preset=\u00bbdefault\u00bb background_enable_image=\u00bboff\u00bb custom_margin=\u00bb||20px|||\u00bb global_colors_info=\u00bb{}\u00bb custom_padding=\u00bb79px||156px|||\u00bb][et_pb_slide _builder_version=\u00bb4.27.4&#8243; _module_preset=\u00bbdefault\u00bb background_image=\u00bbhttps:\/\/torrebreva.com\/wp-content\/uploads\/2025\/11\/torremesa.jpg\u00bb background_enable_image=\u00bbon\u00bb global_colors_info=\u00bb{}\u00bb sticky_transition=\u00bbon\u00bb][\/et_pb_slide][et_pb_slide _builder_version=\u00bb4.27.4&#8243; _module_preset=\u00bbdefault\u00bb background_image=\u00bbhttps:\/\/torrebreva.com\/wp-content\/uploads\/2025\/11\/uvas.jpg\u00bb background_enable_image=\u00bbon\u00bb global_colors_info=\u00bb{}\u00bb sticky_transition=\u00bbon\u00bb][\/et_pb_slide][\/et_pb_slider][et_pb_text _builder_version=\u00bb4.27.4&#8243; _module_preset=\u00bbdefault\u00bb custom_margin=\u00bb||13px|||\u00bb global_colors_info=\u00bb{}\u00bb]<\/p>\n<h4 class=\"et_pb_module_header et-fb-editable-element et-fb-editable-element__editing\" data-shortcode-id=\"1.0.0.0-1762427229947\" data-quickaccess-id=\"header\" contenteditable=\"true\" style=\"text-align: center;\"><strong>Torremesa<\/strong><\/h4>\n<p>[\/et_pb_text][et_pb_text _builder_version=\u00bb4.27.4&#8243; _module_preset=\u00bbdefault\u00bb custom_margin=\u00bb|11px|21px|11px|false|false\u00bb hover_enabled=\u00bb0&#8243; global_colors_info=\u00bb{}\u00bb sticky_enabled=\u00bb0&#8243;]<\/p>\n<p style=\"text-align: justify;\"><span>Torremesa se dedica desde 1989 a la producci\u00f3n y comercializaci\u00f3n de uva de mesa de alta calidad. Hoy en d\u00eda, nuestra finca ofrece una amplia variedad que combina tradici\u00f3n y modernidad:<\/span><\/p>\n<p style=\"text-align: justify;\">Uvas, variedades de pimientos, distintos tipos de flores, aceite de oliva variedad Arvequina, calabazas, zanahorias&#8230; Y productos BIO como la remolacha y el boniato.<\/p>\n<p>[\/et_pb_text][et_pb_button button_url=\u00bbhttps:\/\/torremesa.com\u00bb url_new_window=\u00bbon\u00bb button_text=\u00bbVisitar\u00bb button_alignment=\u00bbcenter\u00bb _builder_version=\u00bb4.27.4&#8243; _module_preset=\u00bbdefault\u00bb custom_button=\u00bbon\u00bb button_text_size=\u00bb15px\u00bb button_text_color=\u00bb#FFFFFF\u00bb button_bg_color=\u00bb#4ca81a\u00bb global_colors_info=\u00bb{}\u00bb custom_margin=\u00bb||48px|||\u00bb][\/et_pb_button][\/et_pb_column][\/et_pb_row][\/et_pb_section][et_pb_section fb_built=\u00bb1&#8243; _builder_version=\u00bb4.27.4&#8243; _module_preset=\u00bbdefault\u00bb custom_padding=\u00bb11px|||||\u00bb global_colors_info=\u00bb{}\u00bb][et_pb_row _builder_version=\u00bb4.27.4&#8243; _module_preset=\u00bbdefault\u00bb global_colors_info=\u00bb{}\u00bb][et_pb_column type=\u00bb4_4&#8243; _builder_version=\u00bb4.27.4&#8243; _module_preset=\u00bbdefault\u00bb global_colors_info=\u00bb{}\u00bb][et_pb_text _builder_version=\u00bb4.27.4&#8243; _module_preset=\u00bbdefault\u00bb global_colors_info=\u00bb{}\u00bb]<\/p>\n<h1 style=\"text-align: center;\">Tradici\u00f3n, excelencia y visi\u00f3n de futuro.<\/h1>\n<p>[\/et_pb_text][\/et_pb_column][\/et_pb_row][\/et_pb_section]<\/p>\n","protected":false},"excerpt":{"rendered":"<p>El Grupo Torrebreva re\u00fane un conjunto de proyectos \u00fanicos que comparten una misma filosof\u00eda: la pasi\u00f3n por la tierra, la historia y el legado andaluz. Desde el mundo vin\u00edcola hasta la producci\u00f3n hortofrut\u00edcola, pasando por la pasi\u00f3n por el golf hasta y la gesti\u00f3n de patrimonio. Cada una de nuestras marcas refleja el compromiso con [&hellip;]<\/p>\n","protected":false},"author":1,"featured_media":0,"parent":0,"menu_order":0,"comment_status":"closed","ping_status":"closed","template":"","meta":{"_et_pb_use_builder":"on","_et_pb_old_content":"","_et_gb_content_width":"","footnotes":""},"class_list":["post-10","page","type-page","status-publish","hentry"],"_links":{"self":[{"href":"https:\/\/torrebreva.com\/index.php\/wp-json\/wp\/v2\/pages\/10","targetHints":{"allow":["GET"]}}],"collection":[{"href":"https:\/\/torrebreva.com\/index.php\/wp-json\/wp\/v2\/pages"}],"about":[{"href":"https:\/\/torrebreva.com\/index.php\/wp-json\/wp\/v2\/types\/page"}],"author":[{"embeddable":true,"href":"https:\/\/torrebreva.com\/index.php\/wp-json\/wp\/v2\/users\/1"}],"replies":[{"embeddable":true,"href":"https:\/\/torrebreva.com\/index.php\/wp-json\/wp\/v2\/comments?post=10"}],"version-history":[{"count":28,"href":"https:\/\/torrebreva.com\/index.php\/wp-json\/wp\/v2\/pages\/10\/revisions"}],"predecessor-version":[{"id":88,"href":"https:\/\/torrebreva.com\/index.php\/wp-json\/wp\/v2\/pages\/10\/revisions\/88"}],"wp:attachment":[{"href":"https:\/\/torrebreva.com\/index.php\/wp-json\/wp\/v2\/media?parent=10"}],"curies":[{"name":"wp","href":"https:\/\/api.w.org\/{rel}","templated":true}]}}